{"id":12,"date":"2015-12-02T18:53:32","date_gmt":"2015-12-02T18:53:32","guid":{"rendered":"http:\/\/biesiadaliteracka.pl\/?page_id=12"},"modified":"2015-12-02T21:30:36","modified_gmt":"2015-12-02T21:30:36","slug":"marek-lawrynowicz","status":"publish","type":"page","link":"http:\/\/biesiadaliteracka.pl\/?page_id=12","title":{"rendered":"Marek \u0141awrynowicz"},"content":{"rendered":"<p><a href=\"http:\/\/biesiadaliteracka.pl\/wp-content\/uploads\/2015\/12\/mlawrynowicz_ww001-e1417432750180.jpg\"><img loading=\"lazy\" decoding=\"async\" class=\"size-medium wp-image-23 alignleft\" src=\"http:\/\/biesiadaliteracka.pl\/wp-content\/uploads\/2015\/12\/mlawrynowicz_ww001-e1417432750180-300x200.jpg\" alt=\"mlawrynowicz_ww001-e1417432750180\" width=\"300\" height=\"200\" srcset=\"http:\/\/biesiadaliteracka.pl\/wp-content\/uploads\/2015\/12\/mlawrynowicz_ww001-e1417432750180-300x200.jpg 300w, http:\/\/biesiadaliteracka.pl\/wp-content\/uploads\/2015\/12\/mlawrynowicz_ww001-e1417432750180.jpg 340w\" sizes=\"auto, (max-width: 300px) 100vw, 300px\" \/><\/a>(ur. 11 sierpnia 1950) \u2013 polski pisarz, autor s\u0142uchowisk radiowych, scenarzysta filmowy i poeta.<br \/>\nUko\u0144czy\u0142 wydzia\u0142 polonistyki na Uniwersytecie Warszawskim. Pracowa\u0142 w r\u00f3\u017cnych zawodach \u2013 by\u0142 kaowcem, bibliotekarzem, a tak\u017ce m\u0142odszym betoniarzem, robotnikiem terenowym czy cukiernikiem.<br \/>\nDebiutowa\u0142 w 1974 roku jako poeta. Kilka lat zajmowa\u0142 si\u0119 poezj\u0105 wizualn\u0105, performance, mail artem, lecz ostatecznie wr\u00f3ci\u0142 do tradycyjnej prozy. Jego teksty cechuje prze\u015bmiewczy czarny humor. W 1996 roku otrzyma\u0142 Nagrod\u0119 Fundacji \u201eWyzwania\u201d, oraz wyr\u00f3\u017cnienie Biblioteki Raczy\u0144skich za powie\u015b\u0107 Diabe\u0142 na dzwonnicy.<br \/>\nJest autorem wielu s\u0142uchowisk radiowych. Za s\u0142uchowisko Ameryka wkracza do Malin\u00f3wka (b\u0119d\u0105ce cz\u0119\u015bci\u0105 cyklu Malin\u00f3wek) otrzyma\u0142 nagrod\u0119 na festiwalu Dwa Teatry (2002). Na festiwalu w Bolimowie wyr\u00f3\u017cniono s\u0142uchowisko Tuba. Wsp\u00f3\u0142tworzy\u0142 tak\u017ce takie radiowe audycje satyryczne, jak Zsyp, Parafonia, Kiwi, Kiwirozm\u00f3wki, powie\u015b\u0107 radiow\u0105 W Jezioranach, oraz radiowe audycje po\u015bwi\u0119cone literaturze: Obiad czwartkowy, Nasz ulubiony ci\u0105g dalszy, Szkie\u0142ko i oko oraz audycje telewizyjne Odjazd, Margina\u0142ki, Domowe Przedszkole. Jest wsp\u00f3\u0142autorem scenariusza serialu Blondynka.<br \/>\nW latach 2007\u20132008 redaktor naczelny kwartalnika literackiego Wyspa.<br \/>\nObecnie sprawuje opiek\u0119 redakcyjn\u0105 nad cotygodniow\u0105 niezale\u017cn\u0105, audycj\u0105 radiow\u0105 Ksi\u0105\u017cki pod lup\u0105 i wsp\u00f3lnie z Wac\u0142awem Holewi\u0144skim prowadzi comiesi\u0119czn\u0105 audycj\u0119 literack\u0105 w Radiu Wnet zatytu\u0142owan\u0105 Jak pisarz z pisarzem. Jest sta\u0142ym felietonist\u0105 miesi\u0119cznika \u201eKsi\u0105\u017cki. Magazyn literacki\u201d<\/p>\n<p><strong>Bibliografia:<\/strong><\/p>\n<p>\u2022 Wiersze (1975)<br \/>\n\u2022 Pan S\u0142oik (1990)<br \/>\n\u2022 Kapitan Car (1996)<br \/>\n\u2022 Diabe\u0142 na dzwonnicy (1998), przek\u0142ad niemiecki (2000), niemieckie wydanie kieszonkowe (2004)<br \/>\n\u2022 Kino Szpak (2000), przek\u0142ad niemiecki (2003)<br \/>\n\u2022 Pogoda dla wszystkich (2003), przek\u0142ad ukrai\u0144ski (2005), przek\u0142ad rosyjski (2006)<br \/>\n\u2022 Korytarz (2006)<br \/>\n\u2022 Niepotrzebny wiersz (s\u0142uchowiska radiowe) (2010)<br \/>\n\u2022 Mumia \u015bwi\u0119tego Piotra (2013)<br \/>\n\u2022 Patriot\u00f3w 41 (2014)<\/p>\n","protected":false},"excerpt":{"rendered":"<p>(ur. 11 sierpnia 1950) \u2013 polski pisarz, autor s\u0142uchowisk radiowych, scenarzysta filmowy i poeta. Uko\u0144czy\u0142 wydzia\u0142 polonistyki na Uniwersytecie Warszawskim. Pracowa\u0142 w r\u00f3\u017cnych zawodach \u2013 by\u0142 kaowcem, bibliotekarzem, a tak\u017ce m\u0142odszym betoniarzem, robotnikiem terenowym czy cukiernikiem. Debiutowa\u0142 w 1974 roku jako poeta. Kilka lat zajmowa\u0142 si\u0119 poezj\u0105 wizualn\u0105, performance, mail artem, lecz ostatecznie wr\u00f3ci\u0142 do <a href=\"http:\/\/biesiadaliteracka.pl\/?page_id=12\" class=\"more-link\">[&hellip;]<\/a><\/p>\n","protected":false},"author":1,"featured_media":0,"parent":7,"menu_order":2,"comment_status":"closed","ping_status":"closed","template":"","meta":{"footnotes":""},"class_list":["entry","page","publish","author-admin","post-12"],"_links":{"self":[{"href":"http:\/\/biesiadaliteracka.pl\/index.php?rest_route=\/wp\/v2\/pages\/12","targetHints":{"allow":["GET"]}}],"collection":[{"href":"http:\/\/biesiadaliteracka.pl\/index.php?rest_route=\/wp\/v2\/pages"}],"about":[{"href":"http:\/\/biesiadaliteracka.pl\/index.php?rest_route=\/wp\/v2\/types\/page"}],"author":[{"embeddable":true,"href":"http:\/\/biesiadaliteracka.pl\/index.php?rest_route=\/wp\/v2\/users\/1"}],"replies":[{"embeddable":true,"href":"http:\/\/biesiadaliteracka.pl\/index.php?rest_route=%2Fwp%2Fv2%2Fcomments&post=12"}],"version-history":[{"count":3,"href":"http:\/\/biesiadaliteracka.pl\/index.php?rest_route=\/wp\/v2\/pages\/12\/revisions"}],"predecessor-version":[{"id":25,"href":"http:\/\/biesiadaliteracka.pl\/index.php?rest_route=\/wp\/v2\/pages\/12\/revisions\/25"}],"up":[{"embeddable":true,"href":"http:\/\/biesiadaliteracka.pl\/index.php?rest_route=\/wp\/v2\/pages\/7"}],"wp:attachment":[{"href":"http:\/\/biesiadaliteracka.pl\/index.php?rest_route=%2Fwp%2Fv2%2Fmedia&parent=12"}],"curies":[{"name":"wp","href":"https:\/\/api.w.org\/{rel}","templated":true}]}}