{"id":47,"date":"2015-12-02T20:22:11","date_gmt":"2015-12-02T20:22:11","guid":{"rendered":"http:\/\/biesiadaliteracka.pl\/?page_id=47"},"modified":"2015-12-02T21:36:48","modified_gmt":"2015-12-02T21:36:48","slug":"piotr-wojciechowski","status":"publish","type":"page","link":"http:\/\/biesiadaliteracka.pl\/?page_id=47","title":{"rendered":"Piotr Wojciechowski"},"content":{"rendered":"<p><a href=\"http:\/\/biesiadaliteracka.pl\/wp-content\/uploads\/2015\/12\/IMG_01121-e1444128351509.jpg\"><img loading=\"lazy\" decoding=\"async\" class=\"size-medium wp-image-34 alignleft\" src=\"http:\/\/biesiadaliteracka.pl\/wp-content\/uploads\/2015\/12\/IMG_01121-e1444128351509-300x225.jpg\" alt=\"IMG_01121-e1444128351509\" width=\"300\" height=\"225\" srcset=\"http:\/\/biesiadaliteracka.pl\/wp-content\/uploads\/2015\/12\/IMG_01121-e1444128351509-300x225.jpg 300w, http:\/\/biesiadaliteracka.pl\/wp-content\/uploads\/2015\/12\/IMG_01121-e1444128351509-1024x768.jpg 1024w, http:\/\/biesiadaliteracka.pl\/wp-content\/uploads\/2015\/12\/IMG_01121-e1444128351509.jpg 1048w\" sizes=\"auto, (max-width: 300px) 100vw, 300px\" \/><\/a>(ur. 18 lutego 1938 w Poznaniu) \u2013 polski prozaik, re\u017cyser i krytyk filmowy oraz publicysta (sta\u0142y felietonista miesi\u0119cznik\u00f3w \u201eWi\u0119\u017a\u201d i \u201eWorkshop\u201d).<\/p>\n<p>Absolwent geologii Uniwersytetu Wroc\u0142awskiego (1961), dziennikarstwa Uniwersytetu Warszawskiego (1964) oraz re\u017cyserii Pa\u0144stwowej Wy\u017cszej Szko\u0142y Teatralnej i Filmowej w \u0141odzi (1969).<\/p>\n<p>Jako pisarz zadebiutowa\u0142 w roku 1967 ksi\u0105\u017ck\u0105 Kamienne pszczo\u0142y.<\/p>\n<p>W latach 2002-2005 by\u0142 prezesem Stowarzyszenia Pisarzy Polskich.<\/p>\n<p>Wyk\u0142adowca PWSTiF w \u0141odzi (literatura i seminarium scenariuszowe).<\/p>\n<p>Cz\u0142onek Rady Etyki Medi\u00f3w i Rady J\u0119zyka Polskiego przy Prezydium PAN. Od 2006 roku Cz\u0142onek Rady Programowej Fundacji Centrum Tw\u00f3rczo\u015bci Narodowej.<\/p>\n<p>Od 1963 r. mieszka w Warszawie.<\/p>\n<p>Od 2008 r. cz\u0142onek jury Nagrody Medi\u00f3w Publicznych w dziedzinie literatury pi\u0119knej COGITO.<\/p>\n<p><strong>Tw\u00f3rczo\u015b\u0107 literacka:<\/strong><\/p>\n<ul>\n<li>Kamienne pszczo\u0142y, Warszawa, Iskry, 1967<\/li>\n<li>Czaszka w czaszce, Warszawa, Iskry, 1970<\/li>\n<li>Wysokie pokoje, Warszawa, PIW, 1977<\/li>\n<li>Obraz napowietrzny, Krak\u00f3w, WL, 1988<\/li>\n<li>Szko\u0142a wdzi\u0119ku i przetrwania Warszawa, Wyd. Agawa, 1995<\/li>\n<li>Harpunnik otch\u0142ani, Warszawa, Wyd. Odeon, 1996<\/li>\n<li>Pr\u00f3ba listopada, Warszawa, Wyd. W.A.B., 2000<\/li>\n<li>Doczekaj nowiu, Warszawa, Wyd. \u015awiat Ksi\u0105\u017cki, 2007, ISBN 8324704941<\/li>\n<li>Tratwa manekina, Warszawa, Oficyna Wydawnicza Volumen, 2013<\/li>\n<\/ul>\n<p><strong>Opowiadania:<\/strong><\/p>\n<ul>\n<li>Ulewa, kometa, \u015bwi\u0144ski targ, Warszawa: PIW, 1974<\/li>\n<li>P\u00f3\u0142tora kr\u00f3lestwa, Krak\u00f3w: WL, 1984<\/li>\n<li>Manowiec, Warszawa: PIW, 1978<\/li>\n<li>Cafe Navarra, Warszawa: Biblioteka \u201eWi\u0119zi\u201d, 2007<\/li>\n<li>Serce do gry, Warszawa, Wyd. \u015awiat Ksi\u0105\u017cki, 2010,<\/li>\n<\/ul>\n<p><strong>Nagrody i wyr\u00f3\u017cnienia:<\/strong><\/p>\n<ul>\n<li>1978 \u2013 Nagroda literacka Fundacji im. Ko\u015bcielskich<\/li>\n<li>1979 \u2013 \u201eZas\u0142u\u017cony dla Kultury Polskiej\u201d<\/li>\n<li>1993 \u2013 Nagroda Polskiego PEN Clubu<\/li>\n<li>1993 \u2013 Nagroda Fundacji P. Buchnera<\/li>\n<li>1994 \u2013 Nagroda Literacka im. Kornela Makuszy\u0144skiego<\/li>\n<\/ul>\n","protected":false},"excerpt":{"rendered":"<p>(ur. 18 lutego 1938 w Poznaniu) \u2013 polski prozaik, re\u017cyser i krytyk filmowy oraz publicysta (sta\u0142y felietonista miesi\u0119cznik\u00f3w \u201eWi\u0119\u017a\u201d i \u201eWorkshop\u201d). Absolwent geologii Uniwersytetu Wroc\u0142awskiego (1961), dziennikarstwa Uniwersytetu Warszawskiego (1964) oraz re\u017cyserii Pa\u0144stwowej Wy\u017cszej Szko\u0142y Teatralnej i Filmowej w \u0141odzi (1969). Jako pisarz zadebiutowa\u0142 w roku 1967 ksi\u0105\u017ck\u0105 Kamienne pszczo\u0142y. W latach 2002-2005 by\u0142 prezesem <a href=\"http:\/\/biesiadaliteracka.pl\/?page_id=47\" class=\"more-link\">[&hellip;]<\/a><\/p>\n","protected":false},"author":1,"featured_media":0,"parent":7,"menu_order":4,"comment_status":"closed","ping_status":"closed","template":"","meta":{"footnotes":""},"class_list":["entry","page","publish","author-admin","post-47"],"_links":{"self":[{"href":"http:\/\/biesiadaliteracka.pl\/index.php?rest_route=\/wp\/v2\/pages\/47","targetHints":{"allow":["GET"]}}],"collection":[{"href":"http:\/\/biesiadaliteracka.pl\/index.php?rest_route=\/wp\/v2\/pages"}],"about":[{"href":"http:\/\/biesiadaliteracka.pl\/index.php?rest_route=\/wp\/v2\/types\/page"}],"author":[{"embeddable":true,"href":"http:\/\/biesiadaliteracka.pl\/index.php?rest_route=\/wp\/v2\/users\/1"}],"replies":[{"embeddable":true,"href":"http:\/\/biesiadaliteracka.pl\/index.php?rest_route=%2Fwp%2Fv2%2Fcomments&post=47"}],"version-history":[{"count":1,"href":"http:\/\/biesiadaliteracka.pl\/index.php?rest_route=\/wp\/v2\/pages\/47\/revisions"}],"predecessor-version":[{"id":48,"href":"http:\/\/biesiadaliteracka.pl\/index.php?rest_route=\/wp\/v2\/pages\/47\/revisions\/48"}],"up":[{"embeddable":true,"href":"http:\/\/biesiadaliteracka.pl\/index.php?rest_route=\/wp\/v2\/pages\/7"}],"wp:attachment":[{"href":"http:\/\/biesiadaliteracka.pl\/index.php?rest_route=%2Fwp%2Fv2%2Fmedia&parent=47"}],"curies":[{"name":"wp","href":"https:\/\/api.w.org\/{rel}","templated":true}]}}